{"id":12279,"date":"2025-11-07T08:22:23","date_gmt":"2025-11-07T07:22:23","guid":{"rendered":"https:\/\/tubilet.online\/tsuru\/?post_type=product&#038;p=12279"},"modified":"2025-11-10T01:23:10","modified_gmt":"2025-11-10T00:23:10","slug":"kubek-aicon","status":"publish","type":"product","link":"https:\/\/tubilet.online\/tsuru\/produkt\/kubek-aicon\/","title":{"rendered":"Kubek Tsuru"},"content":{"rendered":"<hr \/>\n<p style=\"text-align: center;\"><span dir=\"auto\" style=\"vertical-align: inherit;\"><span dir=\"auto\" style=\"vertical-align: inherit;\"><span dir=\"auto\" style=\"vertical-align: inherit;\"><span dir=\"auto\" style=\"vertical-align: inherit;\">Kubek bia\u0142y z grafik\u0105 z Tsuru 2025 o pojemno\u015bci 330ml <\/span><\/span><\/span><\/span><br \/>\n<span dir=\"auto\" style=\"vertical-align: inherit;\"><span dir=\"auto\" style=\"vertical-align: inherit;\"><span dir=\"auto\" style=\"vertical-align: inherit;\"><span dir=\"auto\" style=\"vertical-align: inherit;\">Nak\u0142ad kubeczk\u00f3w jest niski, a zakup przed imprez\u0105 gwarantuje otrzymanie kubka.<\/span><\/span><\/span><\/span><\/p>\n<p><span dir=\"auto\" style=\"vertical-align: inherit;\"><span dir=\"auto\" style=\"vertical-align: inherit;\"><span dir=\"auto\" style=\"vertical-align: inherit;\"><span dir=\"auto\" style=\"vertical-align: inherit;\">Nie wysy\u0142amy gad\u017cet\u00f3w, b\u0119dzie do odbioru na konwencie.<\/span><\/span><\/span><\/span><\/p>\n<p><span dir=\"auto\" style=\"vertical-align: inherit;\"><span dir=\"auto\" style=\"vertical-align: inherit;\"><span dir=\"auto\" style=\"vertical-align: inherit;\"><span dir=\"auto\" style=\"vertical-align: inherit;\">Nadruk jest trwa\u0142y, odporny na temperatur\u0119 oraz mycie.<\/span><\/span><\/span><\/span><\/p>\n<h6><span dir=\"auto\" style=\"vertical-align: inherit;\"><span dir=\"auto\" style=\"vertical-align: inherit;\"><span dir=\"auto\" style=\"vertical-align: inherit;\"><span dir=\"auto\" style=\"vertical-align: inherit;\">Produkt finalnie mo\u017ce si\u0119 r\u00f3\u017cni\u0107. <\/span><\/span><\/span><\/span><\/h6>\n","protected":false},"excerpt":{"rendered":"<p>Kubek bia\u0142y z grafik\u0105 z Tsuru 2025 o pojemno\u015bci 330ml Nak\u0142ad kubeczk\u00f3w jest niski, a zakup przed imprez\u0105 gwarantuje otrzymanie kubka. Nie wysy\u0142amy gad\u017cet\u00f3w, b\u0119dzie&hellip;<\/p>\n<p><a href=\"https:\/\/tubilet.online\/tsuru\/produkt\/kubek-aicon\/\" class=\"read-more-link\"><span class=\"read-more-icon\"><\/span>Read more<\/a><\/p>\n","protected":false},"featured_media":12327,"template":"","meta":[],"product_cat":[22,25],"product_tag":[23],"_links":{"self":[{"href":"https:\/\/tubilet.online\/tsuru\/wp-json\/wp\/v2\/product\/12279"}],"collection":[{"href":"https:\/\/tubilet.online\/tsuru\/wp-json\/wp\/v2\/product"}],"about":[{"href":"https:\/\/tubilet.online\/tsuru\/wp-json\/wp\/v2\/types\/product"}],"wp:featuredmedia":[{"embeddable":true,"href":"https:\/\/tubilet.online\/tsuru\/wp-json\/wp\/v2\/media\/12327"}],"wp:attachment":[{"href":"https:\/\/tubilet.online\/tsuru\/wp-json\/wp\/v2\/media?parent=12279"}],"wp:term":[{"taxonomy":"product_cat","embeddable":true,"href":"https:\/\/tubilet.online\/tsuru\/wp-json\/wp\/v2\/product_cat?post=12279"},{"taxonomy":"product_tag","embeddable":true,"href":"https:\/\/tubilet.online\/tsuru\/wp-json\/wp\/v2\/product_tag?post=12279"}],"curies":[{"name":"wp","href":"https:\/\/api.w.org\/{rel}","templated":true}]}}